{"id":214,"date":"2023-12-28T16:27:55","date_gmt":"2023-12-28T16:27:55","guid":{"rendered":"https:\/\/lap50.pt\/?page_id=214"},"modified":"2025-02-13T20:21:53","modified_gmt":"2025-02-13T20:21:53","slug":"campeonato-concelhio","status":"publish","type":"page","link":"https:\/\/lap50.pt\/?page_id=214","title":{"rendered":"\ud83c\udfc6 Campeonato Concelhio de Trail \u2013 CCT Famalic\u00e3o"},"content":{"rendered":"\n<div class=\"wp-block-group alignfull\"><div class=\"wp-block-group__inner-container is-layout-flow wp-block-group-is-layout-flow\">\n<div class=\"wp-block-columns alignwide are-vertically-aligned-top has-base-background-color has-background is-layout-flex wp-container-core-columns-is-layout-0c63db6a wp-block-columns-is-layout-flex\" style=\"border-style:none;border-width:0px;border-radius:16px;padding-top:var(--wp--preset--spacing--superbspacing-small);padding-right:var(--wp--preset--spacing--superbspacing-small);padding-bottom:var(--wp--preset--spacing--superbspacing-small);padding-left:var(--wp--preset--spacing--superbspacing-small)\">\n<div class=\"wp-block-column is-vertically-aligned-top is-layout-flow wp-block-column-is-layout-flow\">\n<div class=\"wp-block-group\"><div class=\"wp-block-group__inner-container is-layout-constrained wp-block-group-is-layout-constrained\">\n<figure class=\"wp-block-image size-full has-custom-border wp-duotone-unset-1\"><img loading=\"lazy\" decoding=\"async\" width=\"937\" height=\"344\" src=\"https:\/\/lap50.pt\/wp-content\/uploads\/2023\/12\/Logo_CCT.jpg\" alt=\"\" class=\"wp-image-223\" style=\"border-radius:12px\" srcset=\"https:\/\/lap50.pt\/wp-content\/uploads\/2023\/12\/Logo_CCT.jpg 937w, https:\/\/lap50.pt\/wp-content\/uploads\/2023\/12\/Logo_CCT-300x110.jpg 300w, https:\/\/lap50.pt\/wp-content\/uploads\/2023\/12\/Logo_CCT-768x282.jpg 768w\" sizes=\"auto, (max-width: 937px) 100vw, 937px\" \/><\/figure>\n\n\n\n<p>O <strong>Campeonato Concelhio de Trail (CCT Famalic\u00e3o)<\/strong> \u00e9 uma iniciativa do <strong>Munic\u00edpio de Vila Nova de Famalic\u00e3o<\/strong>, organizada em parceria com <strong>10 associa\u00e7\u00f5es e organiza\u00e7\u00f5es de trail running do concelho<\/strong>. O objetivo? Promover a modalidade e proporcionar um campeonato emocionante e competitivo para todos os amantes do trail!<\/p>\n\n\n\n<p><\/p>\n\n\n\n<h3 class=\"wp-block-heading\">\ud83d\udd25 <strong>Duas Dist\u00e2ncias, Mais Desafios!<\/strong><\/h3>\n\n\n\n<p>O CCT Famalic\u00e3o conta com <strong>duas dist\u00e2ncias principais<\/strong>:<br>\u2705 <strong>Trail Curto<\/strong> \u2013 Composto por <strong>10 provas<\/strong> ao longo da \u00e9poca.<br>\u2705 <strong>Trail Longo<\/strong> \u2013 Com um total de <strong>7 provas<\/strong>.<br>\ud83d\udccd O <strong>LAP50 faz parte de ambas as dist\u00e2ncias<\/strong>, sendo uma das provas-chave do campeonato!<\/p>\n\n\n\n<p><\/p>\n\n\n\n<h3 class=\"wp-block-heading\">\ud83c\udfc5 <strong>Ta\u00e7a de Ultra Trail<\/strong><\/h3>\n\n\n\n<p>Al\u00e9m do campeonato, existe uma prova especial:<br>\ud83d\udd39 <strong>Ta\u00e7a de Ultra Trail<\/strong>, composta por <strong>uma \u00fanica prova<\/strong>, correspondente \u00e0 dist\u00e2ncia <strong>Ultra Trail do LAP50<\/strong>.<br>\ud83d\udd39 Todos os atletas que participem na dist\u00e2ncia Ultra Trail do LAP50 ficam <strong>automaticamente inscritos<\/strong> na Ta\u00e7a de Ultra Trail.<\/p>\n\n\n\n<p><\/p>\n\n\n\n<h3 class=\"wp-block-heading\">\ud83d\udcdd <strong>Inscri\u00e7\u00f5es no Campeonato<\/strong><\/h3>\n\n\n\n<p>\ud83d\udca1 O processo de inscri\u00e7\u00e3o no <strong>CCT Famalic\u00e3o<\/strong> \u00e9 <strong>independente e aut\u00f3nomo<\/strong>, mas j\u00e1 inclui a participa\u00e7\u00e3o na prova respetiva do <strong>LAP50<\/strong>.<br>\ud83d\udd39 <strong>N\u00e3o \u00e9 necess\u00e1rio inscrever-se no LAP50 separadamente<\/strong>.<\/p>\n\n\n\n<p><\/p>\n\n\n\n<h3 class=\"wp-block-heading\">\ud83c\udf81 <strong>Vantagens para os Atletas do Campeonato<\/strong><\/h3>\n\n\n\n<p>\u2714 <strong>Pre\u00e7o mais competitivo por prova<\/strong>.<br>\u2714 <strong>Dorsal fixo ao longo do campeonato<\/strong>, facilitando a participa\u00e7\u00e3o em v\u00e1rias provas.<\/p>\n\n\n\n<p>Se queres desafiar-te e fazer parte deste campeonato incr\u00edvel, consulta todas as informa\u00e7\u00f5es regulamentares em <strong>CCT Famalic\u00e3o<\/strong> e junta-te \u00e0 competi\u00e7\u00e3o! \ud83d\udcaa\ud83d\udd25<\/p>\n\n\n\n<p><\/p>\n\n\n\n<div class=\"wp-block-buttons is-content-justification-center is-layout-flex wp-container-core-buttons-is-layout-16018d1d wp-block-buttons-is-layout-flex\">\n<div class=\"wp-block-button\"><a class=\"wp-block-button__link has-text-align-center wp-element-button\" href=\"https:\/\/campeonatodetrail.pt\/\" target=\"_blank\" rel=\"noreferrer noopener\">Participar no CCT<\/a><\/div>\n<\/div>\n<\/div><\/div>\n<\/div>\n<\/div>\n<\/div><\/div>\n","protected":false},"excerpt":{"rendered":"<p>O Campeonato Concelhio de Trail (CCT Famalic\u00e3o) \u00e9 uma iniciativa do Munic\u00edpio de Vila Nova de Famalic\u00e3o, organizada em parceria com 10 associa\u00e7\u00f5es e organiza\u00e7\u00f5es de trail running do concelho. O objetivo? Promover a modalidade e proporcionar um campeonato emocionante e competitivo para todos os amantes do trail! \ud83d\udd25 Duas Dist\u00e2ncias, Mais Desafios! O CCT [&hellip;]<\/p>\n","protected":false},"author":1,"featured_media":0,"parent":0,"menu_order":0,"comment_status":"closed","ping_status":"closed","template":"","meta":{"footnotes":""},"class_list":["post-214","page","type-page","status-publish","hentry"],"_links":{"self":[{"href":"https:\/\/lap50.pt\/index.php?rest_route=\/wp\/v2\/pages\/214","targetHints":{"allow":["GET"]}}],"collection":[{"href":"https:\/\/lap50.pt\/index.php?rest_route=\/wp\/v2\/pages"}],"about":[{"href":"https:\/\/lap50.pt\/index.php?rest_route=\/wp\/v2\/types\/page"}],"author":[{"embeddable":true,"href":"https:\/\/lap50.pt\/index.php?rest_route=\/wp\/v2\/users\/1"}],"replies":[{"embeddable":true,"href":"https:\/\/lap50.pt\/index.php?rest_route=%2Fwp%2Fv2%2Fcomments&post=214"}],"version-history":[{"count":11,"href":"https:\/\/lap50.pt\/index.php?rest_route=\/wp\/v2\/pages\/214\/revisions"}],"predecessor-version":[{"id":385,"href":"https:\/\/lap50.pt\/index.php?rest_route=\/wp\/v2\/pages\/214\/revisions\/385"}],"wp:attachment":[{"href":"https:\/\/lap50.pt\/index.php?rest_route=%2Fwp%2Fv2%2Fmedia&parent=214"}],"curies":[{"name":"wp","href":"https:\/\/api.w.org\/{rel}","templated":true}]}}